{"id":2008,"date":"2023-06-08T22:15:44","date_gmt":"2023-06-08T22:15:44","guid":{"rendered":"https:\/?page_id=2008"},"modified":"2025-02-21T15:28:49","modified_gmt":"2025-02-21T15:28:49","slug":"politica-de-privacidad","status":"publish","type":"page","link":"https:\/\/renovaprojects.es\/en\/politica-de-privacidad\/","title":{"rendered":"Privacy policy"},"content":{"rendered":"<div data-elementor-type=\"wp-page\" data-elementor-id=\"2008\" class=\"elementor elementor-2008\">\n\t\t\t\t\t\t<section class=\"elementor-section elementor-top-section elementor-element elementor-element-392cfc91 elementor-section-boxed elementor-section-height-default elementor-section-height-default\" data-id=\"392cfc91\" data-element_type=\"section\" data-e-type=\"section\">\n\t\t\t\t\t\t<div class=\"elementor-container elementor-column-gap-default\">\n\t\t\t\t\t<div class=\"elementor-column elementor-col-100 elementor-top-column elementor-element elementor-element-7493c7c0\" data-id=\"7493c7c0\" data-element_type=\"column\" data-e-type=\"column\">\n\t\t\t<div class=\"elementor-widget-wrap elementor-element-populated\">\n\t\t\t\t\t\t<div class=\"elementor-element elementor-element-22e866e1 elementor-widget elementor-widget-text-editor\" data-id=\"22e866e1\" data-element_type=\"widget\" data-e-type=\"widget\" data-widget_type=\"text-editor.default\">\n\t\t\t\t<div class=\"elementor-widget-container\">\n\t\t\t\t\t\t\t\t\t\n<h2 class=\"wp-block-heading\"><strong>Pol\u00edtica de privacidad:<\/strong><\/h2>\n<p>Pepe Renova<\/p>\n<p>Los datos de car\u00e1cter personal que usted nos conf\u00eda son muy importantes para nosotros, por este motivo deseamos informarles acerca de c\u00f3mo trata esta empresa sus datos personales.<\/p>\n<p>Los datos personales que nos proporciona de los que usted es titular, persona autorizada o representante legal son incorporados a nuestra base de datos de gesti\u00f3n informatizada o archivo en formato papel, legalizadas y registradas ante la Agencia Espa\u00f1ola de Protecci\u00f3n de Datos. En el momento de registrar estos datos, esta empresa se hace responsable de los mismos y en consecuencia aplicamos todos los medios a nuestro alcance para tratarlos con la m\u00e1xima confidencialidad, evitar su p\u00e9rdida, mal uso, alteraci\u00f3n o acceso no autorizado.<\/p>\n<h4>Finalidad de la recogida de datos<\/h4>\n<p>Las finalidades a las que destinamos sus datos aparte de la normativa legal que afecta a nuestra actividad, son las labores administrativas, contables, fiscales y de gesti\u00f3n para el efectivo cumplimiento y prestaci\u00f3n de los productos y servicios solicitados. Tambi\u00e9n efectuamos controles de calidad sobre los mismos con el fin de ofrecerles en todo momento el mejor trato profesional. As\u00ed mismo para enviarles informaci\u00f3n sobre productos y servicios que esta empresa pueda ofrecerles y sean de su inter\u00e9s. La informaci\u00f3n que nos conf\u00eda tiene como destinatarios el personal t\u00e9cnico y profesional de la entidad.<\/p>\n<p>El cliente\/ Usuario autoriza el tratamiento de sus datos personales exclusivamente para los fines anteriormente expuestos.<\/p>\n<h4>Cesi\u00f3n de datos<\/h4>\n<p>Esta empresa no vende, cede ni transmite de modo alguno informaci\u00f3n o datos de car\u00e1cter personal de sus clientes a terceros, salvo las comunicaciones contempladas por ley para la prestaci\u00f3n de los servicios solicitados.<\/p>\n<h4>Exactitud y veracidad de los datos facilitados<\/h4>\n<p>Con la finalidad de poder ofrecer el mejor servicio, esta empresa necesita que los datos proporcionados se ajusten a la realidad, est\u00e9n actualizados y si se especifican como imprescindibles (por ejemplo mediante un asterisco en los formularios de contacto o compra), sean cumplimentados. De otra forma, esta empresa no podr\u00e1 dar el servicio o la informaci\u00f3n solicitada. En el caso de menores de edad, ser\u00e1 necesaria la autorizaci\u00f3n previa de los padres o representantes legales para poder realizar el tratamiento de los datos personales facilitados.<\/p>\n<h4>Derechos de acceso, rectificaci\u00f3n, cancelaci\u00f3n y oposici\u00f3n (ARCO)<\/h4>\n<p>Deseamos informarle que siempre que lo desee puede acceder a la informaci\u00f3n que le concierne, puede oponerse al env\u00edo de informaci\u00f3n publicitaria, rectificarla y si fuera su deseo cancelarla, todo esto en los t\u00e9rminos que establece la legislaci\u00f3n vigente en materia de protecci\u00f3n de datos de car\u00e1cter personal. Si desea ejercer sus derechos env\u00edenos una carta, adjuntando fotocopia de su DNI a la direcci\u00f3n de email: info@ debe ejercerse por correo electr\u00f3nico, el mensaje debe estar firmado digitalmente y deber\u00e1 adjuntar alg\u00fan documento identificativo oficial escaneado.<\/p>\n<h4>Redes Sociales<\/h4>\n<p>Al hacerse fan de este sitio Web mediante el bot\u00f3n \u201cMe gusta\u201d, consiente el tratamiento de sus datos personales por parte de Facebook, conforme a sus pol\u00edticas de privacidad. Si desea saber m\u00e1s sobre este particular, siga el enlace:\u00a0<a href=\"http:\/\/www.facebook.com\/policy.php?ref=pf.\">http:\/\/www.facebook.com\/policy.php?ref=pf.<\/a><\/p>\n<p>Tambi\u00e9n consiente nuestro acceso a los datos contenidos en su perfil. Consiente que un evento creado por esta empresa pueda aparecer publicado en su muro. Esta empresa no utilizar\u00e1 los datos para otras finalidades, ni para enviar informaci\u00f3n adicional. Puede dejar de ser fan de esta p\u00e1gina en cualquier momento, utilizando las herramientas que facilita Facebook para esta finalidad. Tambi\u00e9n puede en todo momento, ejercer los derechos de acceso, rectificaci\u00f3n, cancelaci\u00f3n y oposici\u00f3n, tal y como explicamos en el apartado de Protecci\u00f3n de datos.<\/p>\n<p>Por favor, mantenga sus datos actualizados. Nosotros no podemos hacerlo, \u00fanicamente podemos consultar o dar de baja sus datos como fan de esta p\u00e1gina. Esta empresa no se hace responsable de los contenidos, comentarios, opiniones o informaciones, propias o de terceros, que los usuarios publiquen en nuestra p\u00e1gina. Puede utilizar nuestros contenidos para fines l\u00edcitos, siempre y cuando haga menci\u00f3n a su origen o autor.<\/p>\n<p>En relaci\u00f3n a Twitter, cuando un usuario nos sigue pinchando el bot\u00f3n \u201cSeguir\u201d, tendremos acceso a la informaci\u00f3n de las personas que nos siguen, concretamente, el nombre de usuario, fotograf\u00eda (en caso de que el usuario haya puesto una fotograf\u00eda en su perfil), y comentarios o \u201cTweets\u201d realizados as\u00ed como al resto de la informaci\u00f3n que ha publicado en su perfil como por ejemplo usuarios a los que sigues y sus seguidores, aunque no utilizaremos dicha informaci\u00f3n.<\/p>\n<p>En especial, la informaci\u00f3n que el usuario da en su \u201cbiograf\u00eda\u201d puede ser accesible por nosotros. Al igual que en la anterior plataforma, es responsabilidad del usuario el uso que haga de la Red Social. Los datos de los usuarios que nos siguen en Twitter los utilizamos \u00fanicamente para gestionar y responder los \u201cTweets\u201d o mensajes que intercambiamos con ellos. Puede consultar la pol\u00edtica de privacidad de Twitter en el siguiente enlace:\u00a0<a href=\"https:\/\/twitter.com\/privacy\">https:\/\/twitter.com\/privacy<\/a><\/p>\n<p>Por \u00faltimo, en relaci\u00f3n a nuestro canal de la red social de Youtube, podr\u00edamos tener acceso a sus comentarios en relaci\u00f3n a los v\u00eddeos publicados. Nuevamente es responsabilidad de la entidad que gestiona la red social (Google) el tratamiento de datos realizados. Puede consultar la pol\u00edtica de privacidad de esta red social en el siguiente enlace:\u00a0<a href=\"http:\/\/www.google.es\/intl\/es\/policies\/privacy\/\">http:\/\/www.google.es\/intl\/es\/policies\/privacy\/<\/a><\/p>\n<p>Si desea recibir m\u00e1s informaci\u00f3n sobre nuestra Pol\u00edtica de Privacidad puede hacerlo a trav\u00e9s de la direcci\u00f3n de e-mail: info@<\/p>\n\t\t\t\t\t\t\t\t<\/div>\n\t\t\t\t<\/div>\n\t\t\t\t\t<\/div>\n\t\t<\/div>\n\t\t\t\t\t<\/div>\n\t\t<\/section>\n\t\t\t\t<\/div>","protected":false},"excerpt":{"rendered":"<p>Pol\u00edtica de privacidad: Pepe Renova Los datos de car\u00e1cter personal que usted nos conf\u00eda son muy importantes para nosotros, por este motivo deseamos informarles acerca de c\u00f3mo trata esta empresa sus datos personales. Los datos personales que nos proporciona de los que usted es titular, persona autorizada o representante legal son incorporados a nuestra base &hellip;<\/p>\n<p class=\"read-more\"> <a class=\"\" href=\"https:\/\/renovaprojects.es\/en\/politica-de-privacidad\/\"> <span class=\"screen-reader-text\">Privacy policy<\/span> Read More &raquo;<\/a><\/p>","protected":false},"author":0,"featured_media":0,"parent":0,"menu_order":0,"comment_status":"closed","ping_status":"open","template":"","meta":{"site-sidebar-layout":"default","site-content-layout":"default","ast-global-header-display":"","ast-main-header-display":"","ast-hfb-above-header-display":"","ast-hfb-below-header-display":"","ast-hfb-mobile-header-display":"","site-post-title":"disabled","ast-breadcrumbs-content":"","ast-featured-img":"","footer-sml-layout":"","theme-transparent-header-meta":"default","adv-header-id-meta":"","stick-header-meta":"","header-above-stick-meta":"","header-main-stick-meta":"","header-below-stick-meta":"","footnotes":""},"class_list":["post-2008","page","type-page","status-publish","hentry"],"yoast_head":"<!-- This site is optimized with the Yoast SEO plugin v27.5 - https:\/\/yoast.com\/product\/yoast-seo-wordpress\/ -->\n<title>Pol\u00edtica de privacidad - Pepe Renova<\/title>\n<meta name=\"robots\" content=\"index, follow, max-snippet:-1, max-image-preview:large, max-video-preview:-1\" \/>\n<link rel=\"canonical\" href=\"https:\/\/renovaprojects.es\/en\/politica-de-privacidad\/\" \/>\n<meta property=\"og:locale\" content=\"en_GB\" \/>\n<meta property=\"og:type\" content=\"article\" \/>\n<meta property=\"og:title\" content=\"Pol\u00edtica de privacidad - Pepe Renova\" \/>\n<meta property=\"og:description\" content=\"Pol\u00edtica de privacidad: Pepe Renova Los datos de car\u00e1cter personal que usted nos conf\u00eda son muy importantes para nosotros, por este motivo deseamos informarles acerca de c\u00f3mo trata esta empresa sus datos personales. Los datos personales que nos proporciona de los que usted es titular, persona autorizada o representante legal son incorporados a nuestra base &hellip; Pol\u00edtica de privacidad Read More &raquo;\" \/>\n<meta property=\"og:url\" content=\"https:\/\/renovaprojects.es\/en\/politica-de-privacidad\/\" \/>\n<meta property=\"og:site_name\" content=\"Pepe Renova\" \/>\n<meta property=\"article:modified_time\" content=\"2025-02-21T15:28:49+00:00\" \/>\n<meta name=\"twitter:card\" content=\"summary_large_image\" \/>\n<meta name=\"twitter:label1\" content=\"Estimated reading time\" \/>\n\t<meta name=\"twitter:data1\" content=\"5 minutes\" \/>\n<script type=\"application\/ld+json\" class=\"yoast-schema-graph\">{\"@context\":\"https:\\\/\\\/schema.org\",\"@graph\":[{\"@type\":\"WebPage\",\"@id\":\"https:\\\/\\\/renovaprojects.es\\\/politica-de-privacidad\\\/\",\"url\":\"https:\\\/\\\/renovaprojects.es\\\/politica-de-privacidad\\\/\",\"name\":\"Pol\u00edtica de privacidad - Pepe Renova\",\"isPartOf\":{\"@id\":\"https:\\\/\\\/renovaprojects.es\\\/#website\"},\"datePublished\":\"2023-06-08T22:15:44+00:00\",\"dateModified\":\"2025-02-21T15:28:49+00:00\",\"breadcrumb\":{\"@id\":\"https:\\\/\\\/renovaprojects.es\\\/politica-de-privacidad\\\/#breadcrumb\"},\"inLanguage\":\"en-GB\",\"potentialAction\":[{\"@type\":\"ReadAction\",\"target\":[\"https:\\\/\\\/renovaprojects.es\\\/politica-de-privacidad\\\/\"]}]},{\"@type\":\"BreadcrumbList\",\"@id\":\"https:\\\/\\\/renovaprojects.es\\\/politica-de-privacidad\\\/#breadcrumb\",\"itemListElement\":[{\"@type\":\"ListItem\",\"position\":1,\"name\":\"Portada\",\"item\":\"https:\\\/\\\/renovaprojects.es\\\/\"},{\"@type\":\"ListItem\",\"position\":2,\"name\":\"Pol\u00edtica de privacidad\"}]},{\"@type\":\"WebSite\",\"@id\":\"https:\\\/\\\/renovaprojects.es\\\/#website\",\"url\":\"https:\\\/\\\/renovaprojects.es\\\/\",\"name\":\"Pepe Renova\",\"description\":\"Pepe renova\",\"publisher\":{\"@id\":\"https:\\\/\\\/renovaprojects.es\\\/#organization\"},\"potentialAction\":[{\"@type\":\"SearchAction\",\"target\":{\"@type\":\"EntryPoint\",\"urlTemplate\":\"https:\\\/\\\/renovaprojects.es\\\/?s={search_term_string}\"},\"query-input\":{\"@type\":\"PropertyValueSpecification\",\"valueRequired\":true,\"valueName\":\"search_term_string\"}}],\"inLanguage\":\"en-GB\"},{\"@type\":\"Organization\",\"@id\":\"https:\\\/\\\/renovaprojects.es\\\/#organization\",\"name\":\"Pepe Renova\",\"url\":\"https:\\\/\\\/renovaprojects.es\\\/\",\"logo\":{\"@type\":\"ImageObject\",\"inLanguage\":\"en-GB\",\"@id\":\"https:\\\/\\\/renovaprojects.es\\\/#\\\/schema\\\/logo\\\/image\\\/\",\"url\":\"https:\\\/\\\/renovaprojects.es\\\/wp-content\\\/uploads\\\/2025\\\/03\\\/marcaRENOVA.svg\",\"contentUrl\":\"https:\\\/\\\/renovaprojects.es\\\/wp-content\\\/uploads\\\/2025\\\/03\\\/marcaRENOVA.svg\",\"width\":841,\"height\":595,\"caption\":\"Pepe Renova\"},\"image\":{\"@id\":\"https:\\\/\\\/renovaprojects.es\\\/#\\\/schema\\\/logo\\\/image\\\/\"}}]}<\/script>\n<!-- \/ Yoast SEO plugin. -->","yoast_head_json":{"title":"Pol\u00edtica de privacidad - Pepe Renova","robots":{"index":"index","follow":"follow","max-snippet":"max-snippet:-1","max-image-preview":"max-image-preview:large","max-video-preview":"max-video-preview:-1"},"canonical":"https:\/\/renovaprojects.es\/en\/politica-de-privacidad\/","og_locale":"en_GB","og_type":"article","og_title":"Pol\u00edtica de privacidad - Pepe Renova","og_description":"Pol\u00edtica de privacidad: Pepe Renova Los datos de car\u00e1cter personal que usted nos conf\u00eda son muy importantes para nosotros, por este motivo deseamos informarles acerca de c\u00f3mo trata esta empresa sus datos personales. Los datos personales que nos proporciona de los que usted es titular, persona autorizada o representante legal son incorporados a nuestra base &hellip; Pol\u00edtica de privacidad Read More &raquo;","og_url":"https:\/\/renovaprojects.es\/en\/politica-de-privacidad\/","og_site_name":"Pepe Renova","article_modified_time":"2025-02-21T15:28:49+00:00","twitter_card":"summary_large_image","twitter_misc":{"Estimated reading time":"5 minutes"},"schema":{"@context":"https:\/\/schema.org","@graph":[{"@type":"WebPage","@id":"https:\/\/renovaprojects.es\/politica-de-privacidad\/","url":"https:\/\/renovaprojects.es\/politica-de-privacidad\/","name":"Pol\u00edtica de privacidad - Pepe Renova","isPartOf":{"@id":"https:\/\/renovaprojects.es\/#website"},"datePublished":"2023-06-08T22:15:44+00:00","dateModified":"2025-02-21T15:28:49+00:00","breadcrumb":{"@id":"https:\/\/renovaprojects.es\/politica-de-privacidad\/#breadcrumb"},"inLanguage":"en-GB","potentialAction":[{"@type":"ReadAction","target":["https:\/\/renovaprojects.es\/politica-de-privacidad\/"]}]},{"@type":"BreadcrumbList","@id":"https:\/\/renovaprojects.es\/politica-de-privacidad\/#breadcrumb","itemListElement":[{"@type":"ListItem","position":1,"name":"Portada","item":"https:\/\/renovaprojects.es\/"},{"@type":"ListItem","position":2,"name":"Pol\u00edtica de privacidad"}]},{"@type":"WebSite","@id":"https:\/\/renovaprojects.es\/#website","url":"https:\/\/renovaprojects.es\/","name":"Pepe Renova","description":"Pepe renova","publisher":{"@id":"https:\/\/renovaprojects.es\/#organization"},"potentialAction":[{"@type":"SearchAction","target":{"@type":"EntryPoint","urlTemplate":"https:\/\/renovaprojects.es\/?s={search_term_string}"},"query-input":{"@type":"PropertyValueSpecification","valueRequired":true,"valueName":"search_term_string"}}],"inLanguage":"en-GB"},{"@type":"Organization","@id":"https:\/\/renovaprojects.es\/#organization","name":"Pepe Renova","url":"https:\/\/renovaprojects.es\/","logo":{"@type":"ImageObject","inLanguage":"en-GB","@id":"https:\/\/renovaprojects.es\/#\/schema\/logo\/image\/","url":"https:\/\/renovaprojects.es\/wp-content\/uploads\/2025\/03\/marcaRENOVA.svg","contentUrl":"https:\/\/renovaprojects.es\/wp-content\/uploads\/2025\/03\/marcaRENOVA.svg","width":841,"height":595,"caption":"Pepe Renova"},"image":{"@id":"https:\/\/renovaprojects.es\/#\/schema\/logo\/image\/"}}]}},"_links":{"self":[{"href":"https:\/\/renovaprojects.es\/en\/wp-json\/wp\/v2\/pages\/2008","targetHints":{"allow":["GET"]}}],"collection":[{"href":"https:\/\/renovaprojects.es\/en\/wp-json\/wp\/v2\/pages"}],"about":[{"href":"https:\/\/renovaprojects.es\/en\/wp-json\/wp\/v2\/types\/page"}],"replies":[{"embeddable":true,"href":"https:\/\/renovaprojects.es\/en\/wp-json\/wp\/v2\/comments?post=2008"}],"version-history":[{"count":10,"href":"https:\/\/renovaprojects.es\/en\/wp-json\/wp\/v2\/pages\/2008\/revisions"}],"predecessor-version":[{"id":2077,"href":"https:\/\/renovaprojects.es\/en\/wp-json\/wp\/v2\/pages\/2008\/revisions\/2077"}],"wp:attachment":[{"href":"https:\/\/renovaprojects.es\/en\/wp-json\/wp\/v2\/media?parent=2008"}],"curies":[{"name":"wp","href":"https:\/\/api.w.org\/{rel}","templated":true}]}}